{"id":1407,"date":"2026-03-10T15:17:35","date_gmt":"2026-03-10T13:17:35","guid":{"rendered":"https:\/\/provinlait.fr\/?page_id=1407"},"modified":"2026-03-10T15:22:42","modified_gmt":"2026-03-10T13:22:42","slug":"charte-exposant","status":"publish","type":"page","link":"https:\/\/provinlait.fr\/index.php\/charte-exposant\/","title":{"rendered":"Guide l\u2019Exposant du Salon ProvinLait"},"content":{"rendered":"\n<p><strong>R\u00e8glement int\u00e9rieur du salon<\/strong><\/p>\n\n\n\n<h2 class=\"wp-block-heading\">Pr\u00e9ambule \u2013 Applicabilit\u00e9 de la Charte<\/h2>\n\n\n\n<p>Mention l\u00e9gale \u2013 Opposabilit\u00e9 de la Charte<\/p>\n\n\n\n<p>La pr\u00e9sente charte, assimil\u00e9e au r\u00e8glement int\u00e9rieur du salon, s\u2019impose \u00e0 tout exposant d\u00e8s son installation sur le site, qu\u2019elle soit ou non sign\u00e9e. Conform\u00e9ment aux usages applicables aux manifestations commerciales, le r\u00e8glement, le guide ou tout document \u00e9quivalent remis, envoy\u00e9 ou mis \u00e0 disposition par l\u2019organisateur s\u2019impose dans sa globalit\u00e9 \u00e0 l\u2019exposant et compl\u00e8te les prescriptions applicables \u00e0 la manifestation. En participant au salon, en occupant un stand ou en acc\u00e9dant aux espaces exposants, l\u2019exposant reconna\u00eet avoir pu prendre connaissance de la pr\u00e9sente charte et s\u2019engage \u00e0 en respecter toutes les dispositions.<\/p>\n\n\n\n<h2 class=\"wp-block-heading\">&nbsp;<\/h2>\n\n\n\n<h2 class=\"wp-block-heading\">1. Horaires : Ouverture \u2013 Fermeture<\/h2>\n\n\n\n<p>&#8211; Respect strict des horaires d\u2019installation, mardi 14 avril 2026 \u00e0 compter de 16h ou mercredi 15 avril 2026 de 7h30 \u00e0 9h00 d\u2019ouverture au public et de fermeture.<\/p>\n\n\n\n<p>&#8211; D\u00e9montage \u00e0 compter de 18h00 le jeudi 16 avril 2026<\/p>\n\n\n\n<p>&#8211; Pas de d\u00e9placement de v\u00e9hicules lors du salon, sauf autorisation d\u00e9livr\u00e9e par l\u2019organisateur.<\/p>\n\n\n\n<h2 class=\"wp-block-heading\">&nbsp;<\/h2>\n\n\n\n<h2 class=\"wp-block-heading\">2. Attitude et Savoir\u2011\u00catre<\/h2>\n\n\n\n<p>&#8211; &nbsp;Attitude courtoise, polie et respectueuse envers le public.<\/p>\n\n\n\n<p>&#8211; &nbsp;Respect et cordialit\u00e9 envers les autres exposants, sans nuisances.<\/p>\n\n\n\n<p>&#8211;&nbsp; Respect des consignes de l\u2019organisation et communication constructive.<\/p>\n\n\n\n<h2 class=\"wp-block-heading\">&nbsp;<\/h2>\n\n\n\n<h2 class=\"wp-block-heading\">3. Pr\u00e9sentation du Stand<\/h2>\n\n\n\n<p>&#8211; Stand propre, soign\u00e9 et accueillant.<\/p>\n\n\n\n<p>&#8211; Respect des r\u00e8gles de s\u00e9curit\u00e9 et de circulation.<\/p>\n\n\n\n<h2 class=\"wp-block-heading\">4. S\u00e9curit\u00e9 et Propret\u00e9<\/h2>\n\n\n\n<p>&#8211; Gestion correcte des d\u00e9chets.<\/p>\n\n\n\n<p>&#8211; Signalement de tout risque ou incident.<\/p>\n\n\n\n<h2 class=\"wp-block-heading\">&nbsp;<\/h2>\n\n\n\n<h2 class=\"wp-block-heading\">5. Relations Commerciales et Communication<\/h2>\n\n\n\n<h2 class=\"wp-block-heading\">&#8211; Respect des pratiques commerciales l\u00e9gales.<\/h2>\n\n\n\n<p>&#8211; Animations non intrusives et respectueuses du voisinage.<\/p>\n\n\n\n<p>&#8211; Sonorisation soumise \u00e0 autorisation.<\/p>\n\n\n\n<h2 class=\"wp-block-heading\">&nbsp;<\/h2>\n\n\n\n<h2 class=\"wp-block-heading\">6. Engagements de l\u2019Exposant<\/h2>\n\n\n\n<p>&#8211; Respecter l\u2019ensemble des r\u00e8gles de cette charte.<\/p>\n\n\n\n<p>&#8211; Contribuer au bon d\u00e9roulement de l\u2019\u00e9v\u00e9nement.<\/p>\n\n\n\n<h2 class=\"wp-block-heading\">7. Non\u2011respect de la Charte<\/h2>\n\n\n\n<p>&#8211; Intervention de l\u2019organisation en cas de manquement.<\/p>\n\n\n\n<p>&#8211; Suspension d\u2019une activit\u00e9 non conforme.<\/p>\n\n\n\n<p>&#8211; Exclusion possible sans remboursement.<\/p>\n\n\n\n<hr class=\"wp-block-separator has-alpha-channel-opacity is-style-wide\"\/>\n\n\n\n<p>En libre acc\u00e8s sur le site&nbsp;: <a href=\"http:\/\/www.provinlait.fr\">www.provinlait.fr<\/a><\/p>\n\n\n\n<p>Affich\u00e9 \u00e0 l\u2019entr\u00e9e du Salon Provinlait et disponible sur chaque stand<\/p>\n\n\n\n<p><\/p>\n","protected":false},"excerpt":{"rendered":"<p>R\u00e8glement int\u00e9rieur du salon Pr\u00e9ambule \u2013 Applicabilit\u00e9 de la Charte Mention l\u00e9gale \u2013 Opposabilit\u00e9 de la Charte La pr\u00e9sente charte, [&hellip;]<\/p>\n","protected":false},"author":1,"featured_media":0,"parent":0,"menu_order":0,"comment_status":"closed","ping_status":"closed","template":"","meta":{"site-sidebar-layout":"default","site-content-layout":"","ast-site-content-layout":"default","site-content-style":"default","site-sidebar-style":"default","ast-global-header-display":"","ast-banner-title-visibility":"","ast-main-header-display":"","ast-hfb-above-header-display":"","ast-hfb-below-header-display":"","ast-hfb-mobile-header-display":"","site-post-title":"","ast-breadcrumbs-content":"","ast-featured-img":"","footer-sml-layout":"","theme-transparent-header-meta":"","adv-header-id-meta":"","stick-header-meta":"","header-above-stick-meta":"","header-main-stick-meta":"","header-below-stick-meta":"","astra-migrate-meta-layouts":"default","ast-page-background-enabled":"default","ast-page-background-meta":{"desktop":{"background-color":"var(--ast-global-color-5)","background-image":"","background-repeat":"repeat","background-position":"center center","background-size":"auto","background-attachment":"scroll","background-type":"","background-media":"","overlay-type":"","overlay-color":"","overlay-opacity":"","overlay-gradient":""},"tablet":{"background-color":"","background-image":"","background-repeat":"repeat","background-position":"center center","background-size":"auto","background-attachment":"scroll","background-type":"","background-media":"","overlay-type":"","overlay-color":"","overlay-opacity":"","overlay-gradient":""},"mobile":{"background-color":"","background-image":"","background-repeat":"repeat","background-position":"center center","background-size":"auto","background-attachment":"scroll","background-type":"","background-media":"","overlay-type":"","overlay-color":"","overlay-opacity":"","overlay-gradient":""}},"ast-content-background-meta":{"desktop":{"background-color":"var(--ast-global-color-4)","background-image":"","background-repeat":"repeat","background-position":"center center","background-size":"auto","background-attachment":"scroll","background-type":"","background-media":"","overlay-type":"","overlay-color":"","overlay-opacity":"","overlay-gradient":""},"tablet":{"background-color":"var(--ast-global-color-4)","background-image":"","background-repeat":"repeat","background-position":"center center","background-size":"auto","background-attachment":"scroll","background-type":"","background-media":"","overlay-type":"","overlay-color":"","overlay-opacity":"","overlay-gradient":""},"mobile":{"background-color":"var(--ast-global-color-4)","background-image":"","background-repeat":"repeat","background-position":"center center","background-size":"auto","background-attachment":"scroll","background-type":"","background-media":"","overlay-type":"","overlay-color":"","overlay-opacity":"","overlay-gradient":""}},"footnotes":""},"class_list":["post-1407","page","type-page","status-publish","hentry"],"yoast_head":"<!-- This site is optimized with the Yoast SEO plugin v26.4 - https:\/\/yoast.com\/wordpress\/plugins\/seo\/ -->\n<title>Guide l\u2019Exposant du Salon ProvinLait - Provinlait<\/title>\n<meta name=\"robots\" content=\"index, follow, max-snippet:-1, max-image-preview:large, max-video-preview:-1\" \/>\n<link rel=\"canonical\" href=\"https:\/\/provinlait.fr\/index.php\/charte-exposant\/\" \/>\n<meta property=\"og:locale\" content=\"fr_FR\" \/>\n<meta property=\"og:type\" content=\"article\" \/>\n<meta property=\"og:title\" content=\"Guide l\u2019Exposant du Salon ProvinLait - Provinlait\" \/>\n<meta property=\"og:description\" content=\"R\u00e8glement int\u00e9rieur du salon Pr\u00e9ambule \u2013 Applicabilit\u00e9 de la Charte Mention l\u00e9gale \u2013 Opposabilit\u00e9 de la Charte La pr\u00e9sente charte, [&hellip;]\" \/>\n<meta property=\"og:url\" content=\"https:\/\/provinlait.fr\/index.php\/charte-exposant\/\" \/>\n<meta property=\"og:site_name\" content=\"Provinlait\" \/>\n<meta property=\"article:publisher\" content=\"https:\/\/www.facebook.com\/provinlait\/\" \/>\n<meta property=\"article:modified_time\" content=\"2026-03-10T13:22:42+00:00\" \/>\n<meta name=\"twitter:card\" content=\"summary_large_image\" \/>\n<meta name=\"twitter:label1\" content=\"Dur\u00e9e de lecture estim\u00e9e\" \/>\n\t<meta name=\"twitter:data1\" content=\"2 minutes\" \/>\n<script type=\"application\/ld+json\" class=\"yoast-schema-graph\">{\"@context\":\"https:\/\/schema.org\",\"@graph\":[{\"@type\":\"WebPage\",\"@id\":\"https:\/\/provinlait.fr\/index.php\/charte-exposant\/\",\"url\":\"https:\/\/provinlait.fr\/index.php\/charte-exposant\/\",\"name\":\"Guide l\u2019Exposant du Salon ProvinLait - Provinlait\",\"isPartOf\":{\"@id\":\"https:\/\/provinlait.fr\/#website\"},\"datePublished\":\"2026-03-10T13:17:35+00:00\",\"dateModified\":\"2026-03-10T13:22:42+00:00\",\"breadcrumb\":{\"@id\":\"https:\/\/provinlait.fr\/index.php\/charte-exposant\/#breadcrumb\"},\"inLanguage\":\"fr-FR\",\"potentialAction\":[{\"@type\":\"ReadAction\",\"target\":[\"https:\/\/provinlait.fr\/index.php\/charte-exposant\/\"]}]},{\"@type\":\"BreadcrumbList\",\"@id\":\"https:\/\/provinlait.fr\/index.php\/charte-exposant\/#breadcrumb\",\"itemListElement\":[{\"@type\":\"ListItem\",\"position\":1,\"name\":\"Accueil\",\"item\":\"https:\/\/provinlait.fr\/\"},{\"@type\":\"ListItem\",\"position\":2,\"name\":\"Guide l\u2019Exposant du Salon ProvinLait\"}]},{\"@type\":\"WebSite\",\"@id\":\"https:\/\/provinlait.fr\/#website\",\"url\":\"https:\/\/provinlait.fr\/\",\"name\":\"Provinlait\",\"description\":\"Le salon des professionnels de la brebis laiti\u00e8re \u00e0 R\u00e9quista (12)\",\"publisher\":{\"@id\":\"https:\/\/provinlait.fr\/#organization\"},\"potentialAction\":[{\"@type\":\"SearchAction\",\"target\":{\"@type\":\"EntryPoint\",\"urlTemplate\":\"https:\/\/provinlait.fr\/?s={search_term_string}\"},\"query-input\":{\"@type\":\"PropertyValueSpecification\",\"valueRequired\":true,\"valueName\":\"search_term_string\"}}],\"inLanguage\":\"fr-FR\"},{\"@type\":\"Organization\",\"@id\":\"https:\/\/provinlait.fr\/#organization\",\"name\":\"Provinlait\",\"url\":\"https:\/\/provinlait.fr\/\",\"logo\":{\"@type\":\"ImageObject\",\"inLanguage\":\"fr-FR\",\"@id\":\"https:\/\/provinlait.fr\/#\/schema\/logo\/image\/\",\"url\":\"https:\/\/provinlait.fr\/wp-content\/uploads\/2025\/07\/Logo-1.png\",\"contentUrl\":\"https:\/\/provinlait.fr\/wp-content\/uploads\/2025\/07\/Logo-1.png\",\"width\":1013,\"height\":424,\"caption\":\"Provinlait\"},\"image\":{\"@id\":\"https:\/\/provinlait.fr\/#\/schema\/logo\/image\/\"},\"sameAs\":[\"https:\/\/www.facebook.com\/provinlait\/\",\"https:\/\/www.instagram.com\/provinlait\/\"]}]}<\/script>\n<!-- \/ Yoast SEO plugin. -->","yoast_head_json":{"title":"Guide l\u2019Exposant du Salon ProvinLait - Provinlait","robots":{"index":"index","follow":"follow","max-snippet":"max-snippet:-1","max-image-preview":"max-image-preview:large","max-video-preview":"max-video-preview:-1"},"canonical":"https:\/\/provinlait.fr\/index.php\/charte-exposant\/","og_locale":"fr_FR","og_type":"article","og_title":"Guide l\u2019Exposant du Salon ProvinLait - Provinlait","og_description":"R\u00e8glement int\u00e9rieur du salon Pr\u00e9ambule \u2013 Applicabilit\u00e9 de la Charte Mention l\u00e9gale \u2013 Opposabilit\u00e9 de la Charte La pr\u00e9sente charte, [&hellip;]","og_url":"https:\/\/provinlait.fr\/index.php\/charte-exposant\/","og_site_name":"Provinlait","article_publisher":"https:\/\/www.facebook.com\/provinlait\/","article_modified_time":"2026-03-10T13:22:42+00:00","twitter_card":"summary_large_image","twitter_misc":{"Dur\u00e9e de lecture estim\u00e9e":"2 minutes"},"schema":{"@context":"https:\/\/schema.org","@graph":[{"@type":"WebPage","@id":"https:\/\/provinlait.fr\/index.php\/charte-exposant\/","url":"https:\/\/provinlait.fr\/index.php\/charte-exposant\/","name":"Guide l\u2019Exposant du Salon ProvinLait - Provinlait","isPartOf":{"@id":"https:\/\/provinlait.fr\/#website"},"datePublished":"2026-03-10T13:17:35+00:00","dateModified":"2026-03-10T13:22:42+00:00","breadcrumb":{"@id":"https:\/\/provinlait.fr\/index.php\/charte-exposant\/#breadcrumb"},"inLanguage":"fr-FR","potentialAction":[{"@type":"ReadAction","target":["https:\/\/provinlait.fr\/index.php\/charte-exposant\/"]}]},{"@type":"BreadcrumbList","@id":"https:\/\/provinlait.fr\/index.php\/charte-exposant\/#breadcrumb","itemListElement":[{"@type":"ListItem","position":1,"name":"Accueil","item":"https:\/\/provinlait.fr\/"},{"@type":"ListItem","position":2,"name":"Guide l\u2019Exposant du Salon ProvinLait"}]},{"@type":"WebSite","@id":"https:\/\/provinlait.fr\/#website","url":"https:\/\/provinlait.fr\/","name":"Provinlait","description":"Le salon des professionnels de la brebis laiti\u00e8re \u00e0 R\u00e9quista (12)","publisher":{"@id":"https:\/\/provinlait.fr\/#organization"},"potentialAction":[{"@type":"SearchAction","target":{"@type":"EntryPoint","urlTemplate":"https:\/\/provinlait.fr\/?s={search_term_string}"},"query-input":{"@type":"PropertyValueSpecification","valueRequired":true,"valueName":"search_term_string"}}],"inLanguage":"fr-FR"},{"@type":"Organization","@id":"https:\/\/provinlait.fr\/#organization","name":"Provinlait","url":"https:\/\/provinlait.fr\/","logo":{"@type":"ImageObject","inLanguage":"fr-FR","@id":"https:\/\/provinlait.fr\/#\/schema\/logo\/image\/","url":"https:\/\/provinlait.fr\/wp-content\/uploads\/2025\/07\/Logo-1.png","contentUrl":"https:\/\/provinlait.fr\/wp-content\/uploads\/2025\/07\/Logo-1.png","width":1013,"height":424,"caption":"Provinlait"},"image":{"@id":"https:\/\/provinlait.fr\/#\/schema\/logo\/image\/"},"sameAs":["https:\/\/www.facebook.com\/provinlait\/","https:\/\/www.instagram.com\/provinlait\/"]}]}},"_links":{"self":[{"href":"https:\/\/provinlait.fr\/index.php\/wp-json\/wp\/v2\/pages\/1407","targetHints":{"allow":["GET"]}}],"collection":[{"href":"https:\/\/provinlait.fr\/index.php\/wp-json\/wp\/v2\/pages"}],"about":[{"href":"https:\/\/provinlait.fr\/index.php\/wp-json\/wp\/v2\/types\/page"}],"author":[{"embeddable":true,"href":"https:\/\/provinlait.fr\/index.php\/wp-json\/wp\/v2\/users\/1"}],"replies":[{"embeddable":true,"href":"https:\/\/provinlait.fr\/index.php\/wp-json\/wp\/v2\/comments?post=1407"}],"version-history":[{"count":1,"href":"https:\/\/provinlait.fr\/index.php\/wp-json\/wp\/v2\/pages\/1407\/revisions"}],"predecessor-version":[{"id":1408,"href":"https:\/\/provinlait.fr\/index.php\/wp-json\/wp\/v2\/pages\/1407\/revisions\/1408"}],"wp:attachment":[{"href":"https:\/\/provinlait.fr\/index.php\/wp-json\/wp\/v2\/media?parent=1407"}],"curies":[{"name":"wp","href":"https:\/\/api.w.org\/{rel}","templated":true}]}}